{"id":7808,"date":"2025-12-19T10:33:27","date_gmt":"2025-12-19T09:33:27","guid":{"rendered":"https:\/\/hojhuset.com\/?post_type=tribe_events&#038;p=7808"},"modified":"2026-04-29T10:14:17","modified_gmt":"2026-04-29T08:14:17","slug":"foredragsdage-med-clement-kjersgaard-4","status":"publish","type":"tribe_events","link":"https:\/\/hojhuset.com\/en\/events\/foredragsdage-med-clement-kjersgaard-4\/","title":{"rendered":"Foredragsdage med Clement Kjersgaard"},"content":{"rendered":"<h4><a href=\"https:\/\/picassoonline.techotel.dk\/da\/hojhuset\/hojhuset\/booking\/ophold\/?ArrivalDate=2026-10-23&amp;DepartureDate=2026-10-24\">K\u00f8b billet<\/a><\/h4>\n<div class=\"x14z9mp xat24cr x1lziwak x1vvkbs xtlvy1s\">\n<p><strong>ForedragsDage i H\u00f8jhuset med Clement Kjersgaard<\/strong><\/p>\n<p>Clement indtager igen H\u00f8jhuset til oktober, med anden udgave af succesen fra sidste \u00e5r: 2 dage i fremtiden<\/p>\n<p>Sammen med en r\u00e6kke sp\u00e6ndende foredragsholdere vil vi f\u00e5 skarpe analyser og interessante perspektiver p\u00e5 vores dramatiske samtid.<\/p>\n<div>\n<div>\n<p><strong>Fredag<\/strong> kan man opleve en af Danmarks mest markante korrespondenter, <strong>Simi Jan<\/strong>, der er forfatter til en r\u00e6kke b\u00f8ger om sine oplevelser. Derefter overdrages ordet til en af landets f\u00f8rende USA-eksperter, professor <strong>Niels Bjerre-Poulsen<\/strong>, der l\u00e6gger op til det, der venter 10 dage senere: Et amerikansk midtvejsvalg, der kan blive ganske afg\u00f8rende b\u00e5de for USA og resten af verden.<\/p>\n<p><strong>L\u00f8rdag<\/strong> byder programmet p\u00e5 <strong>Jeanette Varberg<\/strong>, en af sin generations mest markante og folkek\u00e6re historikere, hvis voksende forfatterskab har vundet en kolossal l\u00e6serskare. Og programmet afsluttes af <strong>Clement<\/strong> selv, i et foredrag med titlen: \u201cTrump, Putin, Xi \u2013 og de nye globale spilleregler\u201d.<\/p>\n<\/div>\n<\/div>\n<div>\n<div><\/div>\n<div><strong>Foredragstilbud<\/strong><b><\/b><\/div>\n<\/div>\n<div>Ifbm. arrangementet har magasinerne R\u00c6SON og \u00c6RA \u2013 som Clement driver \u2013 et s\u00e6rligt tilbud til alle deltagere: <a href=\"http:\/\/www.raeson.dk\/tilbud\">www.raeson.dk\/tilbud<\/a><\/div>\n<div class=\"x14z9mp xat24cr x1lziwak x1vvkbs xtlvy1s\">\n<div><\/div>\n<\/p>\n<div><strong>Program<\/strong><\/div>\n<div><strong>Fredag<\/strong><\/div>\n<div>16.30 Foredrag med korrespondent og forfatter <strong>Simi Jan<\/strong><\/div>\n<div>18.15 F\u00e6llesmiddag<\/div>\n<div>19.30 Foredrag med professor og f\u00f8rende USA-korrespondent <strong>Niels Bjerre-Poulsen<\/strong><\/div>\n<div>21.30 Baren er \u00e5ben<\/div>\n<\/p>\n<div><strong>L\u00f8rdag<\/strong><\/div>\n<div>10.00 Foredrag med historiker <strong>Jeanette Varberg<\/strong><\/div>\n<div>12.00 Frokost<\/div>\n<div>13.00 <strong>TBA<\/strong><\/div>\n<div>14.00 Foredrag med <strong>Clement Kjersgaard<\/strong><\/div>\n<div>16.00 Tak for i \u00e5r<\/div>\n<div><\/div>\n<\/p>\n<div><strong style=\"font-style: italic;\">Billettyper<\/strong><\/div>\n<div>\n<p><a href=\"https:\/\/picassoonline.techotel.dk\/da\/hojhuset\/hojhuset\/shop\/?p=3&amp;date=2026-10-23\">Fredags-entr\u00e9<\/a>: 525 kr (2 foredrag + en sk\u00f8n fredagsret sharefoodstyle)<\/p>\n<p><a href=\"https:\/\/picassoonline.techotel.dk\/da\/hojhuset\/hojhuset\/shop\/?p=3&amp;date=2026-10-24\">L\u00f8rdags-entr\u00e9<\/a>: 625 kr (3 foredrag + sharefood-frokost)<\/p>\n<p><a href=\"https:\/\/picassoonline.techotel.dk\/da\/hojhuset\/hojhuset\/shop\/?p=3&amp;date=2026-10-23\">Weekend-entr\u00e9<\/a>: 1050 kr (4 foredrag + fredagsf\u00e6llesmiddag + l\u00f8rdagsfrokost)<\/p>\n<p><a href=\"https:\/\/picassoonline.techotel.dk\/da\/hojhuset\/hojhuset\/booking\/ophold\/?ArrivalDate=2026-10-23&amp;DepartureDate=2026-10-24\">Weekend-ophold<\/a>: 1550 kr (4 foredrag + fredagsf\u00e6llesmiddag + l\u00f8rdagsfrokost + overnatning i enkeltv\u00e6relse)<\/p>\n<\/div>\n<p><strong>Det med sm\u00e5t<\/strong><\/p>\n<p>Allergier skal oplyses til\u00a0<a href=\"mailto:reception@hojhuset.com\">reception@hojhuset.com<\/a>\u00a0minimum 2 dage f\u00f8r.<\/p>\n<p>Billetter refunderes ikke, med mindre arrangementet aflyses.<\/p>\n<p>Bem\u00e6rk! Ved k\u00f8b fungerer din ordrebekr\u00e6ftelse som billet. Du modtager ingen s\u00e6rskilt billet.<\/p>\n<p>Vi tager forbehold for \u00e6ndringer i programmet.<\/p>\n<\/div>\n<\/div>","protected":false},"excerpt":{"rendered":"<p>Weekend-ophold<\/p>","protected":false},"author":6,"featured_media":7802,"template":"","meta":{"inline_featured_image":false,"_monsterinsights_skip_tracking":false,"_monsterinsights_sitenote_active":false,"_monsterinsights_sitenote_note":"","_monsterinsights_sitenote_category":0,"_tribe_events_status":"","_tribe_events_status_reason":"","_tribe_events_is_hybrid":"","_tribe_events_is_virtual":"","_tribe_events_virtual_video_source":"","_tribe_events_virtual_embed_video":"","_tribe_events_virtual_linked_button_text":"","_tribe_events_virtual_linked_button":"","_tribe_events_virtual_show_embed_at":"","_tribe_events_virtual_show_embed_to":[],"_tribe_events_virtual_show_on_event":"","_tribe_events_virtual_show_on_views":"","_tribe_events_virtual_url":"","footnotes":""},"tags":[],"tribe_events_cat":[28],"class_list":["post-7808","tribe_events","type-tribe_events","status-publish","has-post-thumbnail","hentry","tribe_events_cat-events","cat_events"],"yoast_head":"<!-- This site is optimized with the Yoast SEO plugin v27.2 - https:\/\/yoast.com\/product\/yoast-seo-wordpress\/ -->\n<title>Foredragsdage med Clement Kjersgaard - H\u00f8jhuset<\/title>\n<meta name=\"description\" content=\"To perspektivrige dage med Clement Kjersgaard og en r\u00e6kke foredrag om international politik, danmarkshistorie, ytringsfrihed, klima og Trumps USA.\" \/>\n<meta name=\"robots\" content=\"index, follow, max-snippet:-1, max-image-preview:large, max-video-preview:-1\" \/>\n<link rel=\"canonical\" href=\"https:\/\/hojhuset.com\/en\/events\/foredragsdage-med-clement-kjersgaard-4\/\" \/>\n<meta property=\"og:locale\" content=\"en_GB\" \/>\n<meta property=\"og:type\" content=\"article\" \/>\n<meta property=\"og:title\" content=\"Foredragsdage med Clement Kjersgaard - H\u00f8jhuset\" \/>\n<meta property=\"og:description\" content=\"To perspektivrige dage med Clement Kjersgaard og en r\u00e6kke foredrag om international politik, danmarkshistorie, ytringsfrihed, klima og Trumps USA.\" \/>\n<meta property=\"og:url\" content=\"https:\/\/hojhuset.com\/en\/events\/foredragsdage-med-clement-kjersgaard-4\/\" \/>\n<meta property=\"og:site_name\" content=\"H\u00f8jhuset\" \/>\n<meta property=\"article:publisher\" content=\"https:\/\/www.facebook.com\/hojhuset\" \/>\n<meta property=\"article:modified_time\" content=\"2026-04-29T08:14:17+00:00\" \/>\n<meta property=\"og:image\" content=\"https:\/\/hojhuset.com\/wp-content\/uploads\/2025\/12\/Foredragsdage-med-Clement4-scaled.png\" \/>\n\t<meta property=\"og:image:width\" content=\"2560\" \/>\n\t<meta property=\"og:image:height\" content=\"1418\" \/>\n\t<meta property=\"og:image:type\" content=\"image\/png\" \/>\n<meta name=\"twitter:card\" content=\"summary_large_image\" \/>\n<meta name=\"twitter:label1\" content=\"Estimated reading time\" \/>\n\t<meta name=\"twitter:data1\" content=\"2 minutes\" \/>\n<script type=\"application\/ld+json\" class=\"yoast-schema-graph\">{\"@context\":\"https:\/\/schema.org\",\"@graph\":[{\"@type\":\"WebPage\",\"@id\":\"https:\/\/hojhuset.com\/events\/foredragsdage-med-clement-kjersgaard-4\/\",\"url\":\"https:\/\/hojhuset.com\/events\/foredragsdage-med-clement-kjersgaard-4\/\",\"name\":\"Foredragsdage med Clement Kjersgaard - H\u00f8jhuset\",\"isPartOf\":{\"@id\":\"https:\/\/hojhuset.com\/#website\"},\"primaryImageOfPage\":{\"@id\":\"https:\/\/hojhuset.com\/events\/foredragsdage-med-clement-kjersgaard-4\/#primaryimage\"},\"image\":{\"@id\":\"https:\/\/hojhuset.com\/events\/foredragsdage-med-clement-kjersgaard-4\/#primaryimage\"},\"thumbnailUrl\":\"https:\/\/hojhuset.com\/wp-content\/uploads\/2025\/12\/Foredragsdage-med-Clement4-scaled.png\",\"datePublished\":\"2025-12-19T09:33:27+00:00\",\"dateModified\":\"2026-04-29T08:14:17+00:00\",\"description\":\"To perspektivrige dage med Clement Kjersgaard og en r\u00e6kke foredrag om international politik, danmarkshistorie, ytringsfrihed, klima og Trumps USA.\",\"breadcrumb\":{\"@id\":\"https:\/\/hojhuset.com\/events\/foredragsdage-med-clement-kjersgaard-4\/#breadcrumb\"},\"inLanguage\":\"en-GB\",\"potentialAction\":[{\"@type\":\"ReadAction\",\"target\":[\"https:\/\/hojhuset.com\/events\/foredragsdage-med-clement-kjersgaard-4\/\"]}]},{\"@type\":\"ImageObject\",\"inLanguage\":\"en-GB\",\"@id\":\"https:\/\/hojhuset.com\/events\/foredragsdage-med-clement-kjersgaard-4\/#primaryimage\",\"url\":\"https:\/\/hojhuset.com\/wp-content\/uploads\/2025\/12\/Foredragsdage-med-Clement4-scaled.png\",\"contentUrl\":\"https:\/\/hojhuset.com\/wp-content\/uploads\/2025\/12\/Foredragsdage-med-Clement4-scaled.png\",\"width\":2560,\"height\":1418},{\"@type\":\"BreadcrumbList\",\"@id\":\"https:\/\/hojhuset.com\/events\/foredragsdage-med-clement-kjersgaard-4\/#breadcrumb\",\"itemListElement\":[{\"@type\":\"ListItem\",\"position\":1,\"name\":\"Hjem\",\"item\":\"https:\/\/hojhuset.com\/\"},{\"@type\":\"ListItem\",\"position\":2,\"name\":\"Event\",\"item\":\"https:\/\/hojhuset.com\/eventoversigt\/\"},{\"@type\":\"ListItem\",\"position\":3,\"name\":\"Foredragsdage med Clement Kjersgaard\"}]},{\"@type\":\"WebSite\",\"@id\":\"https:\/\/hojhuset.com\/#website\",\"url\":\"https:\/\/hojhuset.com\/\",\"name\":\"H\u00f8jhuset\",\"description\":\"\",\"publisher\":{\"@id\":\"https:\/\/hojhuset.com\/#organization\"},\"potentialAction\":[{\"@type\":\"SearchAction\",\"target\":{\"@type\":\"EntryPoint\",\"urlTemplate\":\"https:\/\/hojhuset.com\/?s={search_term_string}\"},\"query-input\":{\"@type\":\"PropertyValueSpecification\",\"valueRequired\":true,\"valueName\":\"search_term_string\"}}],\"inLanguage\":\"en-GB\"},{\"@type\":\"Organization\",\"@id\":\"https:\/\/hojhuset.com\/#organization\",\"name\":\"H\u00f8jhuset - Kulturhotel\",\"url\":\"https:\/\/hojhuset.com\/\",\"logo\":{\"@type\":\"ImageObject\",\"inLanguage\":\"en-GB\",\"@id\":\"https:\/\/hojhuset.com\/#\/schema\/logo\/image\/\",\"url\":\"https:\/\/hojhuset.com\/wp-content\/uploads\/2026\/01\/SEO-yoast-photo.jpg\",\"contentUrl\":\"https:\/\/hojhuset.com\/wp-content\/uploads\/2026\/01\/SEO-yoast-photo.jpg\",\"width\":1667,\"height\":875,\"caption\":\"H\u00f8jhuset - Kulturhotel\"},\"image\":{\"@id\":\"https:\/\/hojhuset.com\/#\/schema\/logo\/image\/\"},\"sameAs\":[\"https:\/\/www.facebook.com\/hojhuset\",\"https:\/\/www.instagram.com\/hojhuset1961\/\"]}]}<\/script>\n<!-- \/ Yoast SEO plugin. -->","yoast_head_json":{"title":"Foredragsdage med Clement Kjersgaard - H\u00f8jhuset","description":"To perspektivrige dage med Clement Kjersgaard og en r\u00e6kke foredrag om international politik, danmarkshistorie, ytringsfrihed, klima og Trumps USA.","robots":{"index":"index","follow":"follow","max-snippet":"max-snippet:-1","max-image-preview":"max-image-preview:large","max-video-preview":"max-video-preview:-1"},"canonical":"https:\/\/hojhuset.com\/en\/events\/foredragsdage-med-clement-kjersgaard-4\/","og_locale":"en_GB","og_type":"article","og_title":"Foredragsdage med Clement Kjersgaard - H\u00f8jhuset","og_description":"To perspektivrige dage med Clement Kjersgaard og en r\u00e6kke foredrag om international politik, danmarkshistorie, ytringsfrihed, klima og Trumps USA.","og_url":"https:\/\/hojhuset.com\/en\/events\/foredragsdage-med-clement-kjersgaard-4\/","og_site_name":"H\u00f8jhuset","article_publisher":"https:\/\/www.facebook.com\/hojhuset","article_modified_time":"2026-04-29T08:14:17+00:00","og_image":[{"width":2560,"height":1418,"url":"https:\/\/hojhuset.com\/wp-content\/uploads\/2025\/12\/Foredragsdage-med-Clement4-scaled.png","type":"image\/png"}],"twitter_card":"summary_large_image","twitter_misc":{"Estimated reading time":"2 minutes"},"schema":{"@context":"https:\/\/schema.org","@graph":[{"@type":"WebPage","@id":"https:\/\/hojhuset.com\/events\/foredragsdage-med-clement-kjersgaard-4\/","url":"https:\/\/hojhuset.com\/events\/foredragsdage-med-clement-kjersgaard-4\/","name":"Foredragsdage med Clement Kjersgaard - H\u00f8jhuset","isPartOf":{"@id":"https:\/\/hojhuset.com\/#website"},"primaryImageOfPage":{"@id":"https:\/\/hojhuset.com\/events\/foredragsdage-med-clement-kjersgaard-4\/#primaryimage"},"image":{"@id":"https:\/\/hojhuset.com\/events\/foredragsdage-med-clement-kjersgaard-4\/#primaryimage"},"thumbnailUrl":"https:\/\/hojhuset.com\/wp-content\/uploads\/2025\/12\/Foredragsdage-med-Clement4-scaled.png","datePublished":"2025-12-19T09:33:27+00:00","dateModified":"2026-04-29T08:14:17+00:00","description":"To perspektivrige dage med Clement Kjersgaard og en r\u00e6kke foredrag om international politik, danmarkshistorie, ytringsfrihed, klima og Trumps USA.","breadcrumb":{"@id":"https:\/\/hojhuset.com\/events\/foredragsdage-med-clement-kjersgaard-4\/#breadcrumb"},"inLanguage":"en-GB","potentialAction":[{"@type":"ReadAction","target":["https:\/\/hojhuset.com\/events\/foredragsdage-med-clement-kjersgaard-4\/"]}]},{"@type":"ImageObject","inLanguage":"en-GB","@id":"https:\/\/hojhuset.com\/events\/foredragsdage-med-clement-kjersgaard-4\/#primaryimage","url":"https:\/\/hojhuset.com\/wp-content\/uploads\/2025\/12\/Foredragsdage-med-Clement4-scaled.png","contentUrl":"https:\/\/hojhuset.com\/wp-content\/uploads\/2025\/12\/Foredragsdage-med-Clement4-scaled.png","width":2560,"height":1418},{"@type":"BreadcrumbList","@id":"https:\/\/hojhuset.com\/events\/foredragsdage-med-clement-kjersgaard-4\/#breadcrumb","itemListElement":[{"@type":"ListItem","position":1,"name":"Hjem","item":"https:\/\/hojhuset.com\/"},{"@type":"ListItem","position":2,"name":"Event","item":"https:\/\/hojhuset.com\/eventoversigt\/"},{"@type":"ListItem","position":3,"name":"Foredragsdage med Clement Kjersgaard"}]},{"@type":"WebSite","@id":"https:\/\/hojhuset.com\/#website","url":"https:\/\/hojhuset.com\/","name":"H\u00f8jhuset","description":"","publisher":{"@id":"https:\/\/hojhuset.com\/#organization"},"potentialAction":[{"@type":"SearchAction","target":{"@type":"EntryPoint","urlTemplate":"https:\/\/hojhuset.com\/?s={search_term_string}"},"query-input":{"@type":"PropertyValueSpecification","valueRequired":true,"valueName":"search_term_string"}}],"inLanguage":"en-GB"},{"@type":"Organization","@id":"https:\/\/hojhuset.com\/#organization","name":"H\u00f8jhuset - Kulturhotel","url":"https:\/\/hojhuset.com\/","logo":{"@type":"ImageObject","inLanguage":"en-GB","@id":"https:\/\/hojhuset.com\/#\/schema\/logo\/image\/","url":"https:\/\/hojhuset.com\/wp-content\/uploads\/2026\/01\/SEO-yoast-photo.jpg","contentUrl":"https:\/\/hojhuset.com\/wp-content\/uploads\/2026\/01\/SEO-yoast-photo.jpg","width":1667,"height":875,"caption":"H\u00f8jhuset - Kulturhotel"},"image":{"@id":"https:\/\/hojhuset.com\/#\/schema\/logo\/image\/"},"sameAs":["https:\/\/www.facebook.com\/hojhuset","https:\/\/www.instagram.com\/hojhuset1961\/"]}]}},"_links":{"self":[{"href":"https:\/\/hojhuset.com\/en\/wp-json\/wp\/v2\/tribe_events\/7808","targetHints":{"allow":["GET"]}}],"collection":[{"href":"https:\/\/hojhuset.com\/en\/wp-json\/wp\/v2\/tribe_events"}],"about":[{"href":"https:\/\/hojhuset.com\/en\/wp-json\/wp\/v2\/types\/tribe_events"}],"author":[{"embeddable":true,"href":"https:\/\/hojhuset.com\/en\/wp-json\/wp\/v2\/users\/6"}],"version-history":[{"count":0,"href":"https:\/\/hojhuset.com\/en\/wp-json\/wp\/v2\/tribe_events\/7808\/revisions"}],"wp:featuredmedia":[{"embeddable":true,"href":"https:\/\/hojhuset.com\/en\/wp-json\/wp\/v2\/media\/7802"}],"wp:attachment":[{"href":"https:\/\/hojhuset.com\/en\/wp-json\/wp\/v2\/media?parent=7808"}],"wp:term":[{"taxonomy":"post_tag","embeddable":true,"href":"https:\/\/hojhuset.com\/en\/wp-json\/wp\/v2\/tags?post=7808"},{"taxonomy":"tribe_events_cat","embeddable":true,"href":"https:\/\/hojhuset.com\/en\/wp-json\/wp\/v2\/tribe_events_cat?post=7808"}],"curies":[{"name":"wp","href":"https:\/\/api.w.org\/{rel}","templated":true}]}}